{"id":5643,"date":"2024-04-11T10:24:38","date_gmt":"2024-04-11T10:24:38","guid":{"rendered":"https:\/\/miragliaolive.com\/?post_type=product&#038;p=5643"},"modified":"2025-07-18T08:29:52","modified_gmt":"2025-07-18T08:29:52","slug":"olives-vertes-nocellara-del-belice","status":"publish","type":"product","link":"https:\/\/miragliaolive.com\/fr\/produits\/olives-vertes-nocellara-del-belice\/","title":{"rendered":"Olives Vertes Nocellara del Belice"},"content":{"rendered":"","protected":false},"excerpt":{"rendered":"","protected":false},"featured_media":3793,"template":"","meta":{"_acf_changed":false,"_monsterinsights_skip_tracking":false,"_monsterinsights_sitenote_active":false,"_monsterinsights_sitenote_note":"","_monsterinsights_sitenote_category":0,"_joinchat":[]},"product_brand":[],"product_cat":[265,266],"product_tag":[],"class_list":{"0":"post-5643","1":"product","2":"type-product","3":"status-publish","4":"has-post-thumbnail","6":"product_cat-food-service-fr","7":"product_cat-seche","9":"first","10":"instock","11":"shipping-taxable","12":"product-type-simple"},"acf":[],"yoast_head":"<!-- This site is optimized with the Yoast SEO plugin v26.0 - https:\/\/yoast.com\/wordpress\/plugins\/seo\/ -->\n<title>Olives Vertes Nocellara del Belice - Miraglia Olive<\/title>\n<meta name=\"description\" content=\"D\u00e9couvrez les olives vertes Nocellara del Belice, un tr\u00e9sor sicilien DOP au go\u00fbt riche et \u00e9quilibr\u00e9, parfaites pour vos ap\u00e9ritifs et plats m\u00e9diterran\u00e9ens.\" \/>\n<meta name=\"robots\" content=\"index, follow, max-snippet:-1, max-image-preview:large, max-video-preview:-1\" \/>\n<link rel=\"canonical\" href=\"https:\/\/miragliaolive.com\/fr\/produits\/olives-vertes-nocellara-del-belice\/\" \/>\n<meta property=\"og:locale\" content=\"fr_FR\" \/>\n<meta property=\"og:type\" content=\"article\" \/>\n<meta property=\"og:title\" content=\"Olives Vertes Nocellara del Belice - Miraglia Olive\" \/>\n<meta property=\"og:description\" content=\"D\u00e9couvrez les olives vertes Nocellara del Belice, un tr\u00e9sor sicilien DOP au go\u00fbt riche et \u00e9quilibr\u00e9, parfaites pour vos ap\u00e9ritifs et plats m\u00e9diterran\u00e9ens.\" \/>\n<meta property=\"og:url\" content=\"https:\/\/miragliaolive.com\/fr\/produits\/olives-vertes-nocellara-del-belice\/\" \/>\n<meta property=\"og:site_name\" content=\"Miraglia Olive\" \/>\n<meta property=\"article:modified_time\" content=\"2025-07-18T08:29:52+00:00\" \/>\n<meta property=\"og:image\" content=\"https:\/\/miragliaolive.com\/wp-content\/uploads\/2024\/04\/nocellara-belice-Kg-3-5.jpg\" \/>\n\t<meta property=\"og:image:width\" content=\"1000\" \/>\n\t<meta property=\"og:image:height\" content=\"1000\" \/>\n\t<meta property=\"og:image:type\" content=\"image\/jpeg\" \/>\n<meta name=\"twitter:card\" content=\"summary_large_image\" \/>\n<meta name=\"twitter:label1\" content=\"Dur\u00e9e de lecture estim\u00e9e\" \/>\n\t<meta name=\"twitter:data1\" content=\"1 minute\" \/>\n<script type=\"application\/ld+json\" class=\"yoast-schema-graph\">{\"@context\":\"https:\/\/schema.org\",\"@graph\":[{\"@type\":[\"WebPage\",\"ProfilePage\"],\"@id\":\"https:\/\/miragliaolive.com\/fr\/produits\/olives-vertes-nocellara-del-belice\/\",\"url\":\"https:\/\/miragliaolive.com\/fr\/produits\/olives-vertes-nocellara-del-belice\/\",\"name\":\"Olives Vertes Nocellara del Belice - Miraglia Olive\",\"isPartOf\":{\"@id\":\"https:\/\/miragliaolive.com\/fr\/#website\"},\"primaryImageOfPage\":{\"@id\":\"https:\/\/miragliaolive.com\/fr\/produits\/olives-vertes-nocellara-del-belice\/#primaryimage\"},\"image\":{\"@id\":\"https:\/\/miragliaolive.com\/fr\/produits\/olives-vertes-nocellara-del-belice\/#primaryimage\"},\"thumbnailUrl\":\"https:\/\/miragliaolive.com\/wp-content\/uploads\/2024\/04\/nocellara-belice-Kg-3-5.jpg\",\"datePublished\":\"2024-04-11T10:24:38+00:00\",\"dateModified\":\"2025-07-18T08:29:52+00:00\",\"description\":\"D\u00e9couvrez les olives vertes Nocellara del Belice, un tr\u00e9sor sicilien DOP au go\u00fbt riche et \u00e9quilibr\u00e9, parfaites pour vos ap\u00e9ritifs et plats m\u00e9diterran\u00e9ens.\",\"breadcrumb\":{\"@id\":\"https:\/\/miragliaolive.com\/fr\/produits\/olives-vertes-nocellara-del-belice\/#breadcrumb\"},\"inLanguage\":\"fr-FR\",\"potentialAction\":[{\"@type\":\"ReadAction\",\"target\":[\"https:\/\/miragliaolive.com\/fr\/produits\/olives-vertes-nocellara-del-belice\/\"]}]},{\"@type\":\"ImageObject\",\"inLanguage\":\"fr-FR\",\"@id\":\"https:\/\/miragliaolive.com\/fr\/produits\/olives-vertes-nocellara-del-belice\/#primaryimage\",\"url\":\"https:\/\/miragliaolive.com\/wp-content\/uploads\/2024\/04\/nocellara-belice-Kg-3-5.jpg\",\"contentUrl\":\"https:\/\/miragliaolive.com\/wp-content\/uploads\/2024\/04\/nocellara-belice-Kg-3-5.jpg\",\"width\":1000,\"height\":1000},{\"@type\":\"BreadcrumbList\",\"@id\":\"https:\/\/miragliaolive.com\/fr\/produits\/olives-vertes-nocellara-del-belice\/#breadcrumb\",\"itemListElement\":[{\"@type\":\"ListItem\",\"position\":1,\"name\":\"Home\",\"item\":\"https:\/\/miragliaolive.com\/fr\/\"},{\"@type\":\"ListItem\",\"position\":2,\"name\":\"Produits\",\"item\":\"https:\/\/miragliaolive.com\/fr\/shop\/\"},{\"@type\":\"ListItem\",\"position\":3,\"name\":\"Olives Vertes Nocellara del Belice\"}]},{\"@type\":\"WebSite\",\"@id\":\"https:\/\/miragliaolive.com\/fr\/#website\",\"url\":\"https:\/\/miragliaolive.com\/fr\/\",\"name\":\"Miragliaolive\",\"description\":\"Le Pi\u00f9 Belle Olive da Tavola\",\"publisher\":{\"@id\":\"https:\/\/miragliaolive.com\/fr\/#organization\"},\"potentialAction\":[{\"@type\":\"SearchAction\",\"target\":{\"@type\":\"EntryPoint\",\"urlTemplate\":\"https:\/\/miragliaolive.com\/fr\/?s={search_term_string}\"},\"query-input\":{\"@type\":\"PropertyValueSpecification\",\"valueRequired\":true,\"valueName\":\"search_term_string\"}}],\"inLanguage\":\"fr-FR\"},{\"@type\":\"Organization\",\"@id\":\"https:\/\/miragliaolive.com\/fr\/#organization\",\"name\":\"Miragliaolive\",\"url\":\"https:\/\/miragliaolive.com\/fr\/\",\"logo\":{\"@type\":\"ImageObject\",\"inLanguage\":\"fr-FR\",\"@id\":\"https:\/\/miragliaolive.com\/fr\/#\/schema\/logo\/image\/\",\"url\":\"https:\/\/miragliaolive.com\/wp-content\/uploads\/2023\/09\/logo-desk.png\",\"contentUrl\":\"https:\/\/miragliaolive.com\/wp-content\/uploads\/2023\/09\/logo-desk.png\",\"width\":364,\"height\":149,\"caption\":\"Miragliaolive\"},\"image\":{\"@id\":\"https:\/\/miragliaolive.com\/fr\/#\/schema\/logo\/image\/\"},\"mainEntityOfPage\":{\"@id\":\"https:\/\/miragliaolive.com\/fr\/produits\/olives-vertes-nocellara-del-belice\/\"}}]}<\/script>\n<!-- \/ Yoast SEO plugin. -->","yoast_head_json":{"title":"Olives Vertes Nocellara del Belice - Miraglia Olive","description":"D\u00e9couvrez les olives vertes Nocellara del Belice, un tr\u00e9sor sicilien DOP au go\u00fbt riche et \u00e9quilibr\u00e9, parfaites pour vos ap\u00e9ritifs et plats m\u00e9diterran\u00e9ens.","robots":{"index":"index","follow":"follow","max-snippet":"max-snippet:-1","max-image-preview":"max-image-preview:large","max-video-preview":"max-video-preview:-1"},"canonical":"https:\/\/miragliaolive.com\/fr\/produits\/olives-vertes-nocellara-del-belice\/","og_locale":"fr_FR","og_type":"article","og_title":"Olives Vertes Nocellara del Belice - Miraglia Olive","og_description":"D\u00e9couvrez les olives vertes Nocellara del Belice, un tr\u00e9sor sicilien DOP au go\u00fbt riche et \u00e9quilibr\u00e9, parfaites pour vos ap\u00e9ritifs et plats m\u00e9diterran\u00e9ens.","og_url":"https:\/\/miragliaolive.com\/fr\/produits\/olives-vertes-nocellara-del-belice\/","og_site_name":"Miraglia Olive","article_modified_time":"2025-07-18T08:29:52+00:00","og_image":[{"width":1000,"height":1000,"url":"https:\/\/miragliaolive.com\/wp-content\/uploads\/2024\/04\/nocellara-belice-Kg-3-5.jpg","type":"image\/jpeg"}],"twitter_card":"summary_large_image","twitter_misc":{"Dur\u00e9e de lecture estim\u00e9e":"1 minute"},"schema":{"@context":"https:\/\/schema.org","@graph":[{"@type":["WebPage","ProfilePage"],"@id":"https:\/\/miragliaolive.com\/fr\/produits\/olives-vertes-nocellara-del-belice\/","url":"https:\/\/miragliaolive.com\/fr\/produits\/olives-vertes-nocellara-del-belice\/","name":"Olives Vertes Nocellara del Belice - Miraglia Olive","isPartOf":{"@id":"https:\/\/miragliaolive.com\/fr\/#website"},"primaryImageOfPage":{"@id":"https:\/\/miragliaolive.com\/fr\/produits\/olives-vertes-nocellara-del-belice\/#primaryimage"},"image":{"@id":"https:\/\/miragliaolive.com\/fr\/produits\/olives-vertes-nocellara-del-belice\/#primaryimage"},"thumbnailUrl":"https:\/\/miragliaolive.com\/wp-content\/uploads\/2024\/04\/nocellara-belice-Kg-3-5.jpg","datePublished":"2024-04-11T10:24:38+00:00","dateModified":"2025-07-18T08:29:52+00:00","description":"D\u00e9couvrez les olives vertes Nocellara del Belice, un tr\u00e9sor sicilien DOP au go\u00fbt riche et \u00e9quilibr\u00e9, parfaites pour vos ap\u00e9ritifs et plats m\u00e9diterran\u00e9ens.","breadcrumb":{"@id":"https:\/\/miragliaolive.com\/fr\/produits\/olives-vertes-nocellara-del-belice\/#breadcrumb"},"inLanguage":"fr-FR","potentialAction":[{"@type":"ReadAction","target":["https:\/\/miragliaolive.com\/fr\/produits\/olives-vertes-nocellara-del-belice\/"]}]},{"@type":"ImageObject","inLanguage":"fr-FR","@id":"https:\/\/miragliaolive.com\/fr\/produits\/olives-vertes-nocellara-del-belice\/#primaryimage","url":"https:\/\/miragliaolive.com\/wp-content\/uploads\/2024\/04\/nocellara-belice-Kg-3-5.jpg","contentUrl":"https:\/\/miragliaolive.com\/wp-content\/uploads\/2024\/04\/nocellara-belice-Kg-3-5.jpg","width":1000,"height":1000},{"@type":"BreadcrumbList","@id":"https:\/\/miragliaolive.com\/fr\/produits\/olives-vertes-nocellara-del-belice\/#breadcrumb","itemListElement":[{"@type":"ListItem","position":1,"name":"Home","item":"https:\/\/miragliaolive.com\/fr\/"},{"@type":"ListItem","position":2,"name":"Produits","item":"https:\/\/miragliaolive.com\/fr\/shop\/"},{"@type":"ListItem","position":3,"name":"Olives Vertes Nocellara del Belice"}]},{"@type":"WebSite","@id":"https:\/\/miragliaolive.com\/fr\/#website","url":"https:\/\/miragliaolive.com\/fr\/","name":"Miragliaolive","description":"Le Pi\u00f9 Belle Olive da Tavola","publisher":{"@id":"https:\/\/miragliaolive.com\/fr\/#organization"},"potentialAction":[{"@type":"SearchAction","target":{"@type":"EntryPoint","urlTemplate":"https:\/\/miragliaolive.com\/fr\/?s={search_term_string}"},"query-input":{"@type":"PropertyValueSpecification","valueRequired":true,"valueName":"search_term_string"}}],"inLanguage":"fr-FR"},{"@type":"Organization","@id":"https:\/\/miragliaolive.com\/fr\/#organization","name":"Miragliaolive","url":"https:\/\/miragliaolive.com\/fr\/","logo":{"@type":"ImageObject","inLanguage":"fr-FR","@id":"https:\/\/miragliaolive.com\/fr\/#\/schema\/logo\/image\/","url":"https:\/\/miragliaolive.com\/wp-content\/uploads\/2023\/09\/logo-desk.png","contentUrl":"https:\/\/miragliaolive.com\/wp-content\/uploads\/2023\/09\/logo-desk.png","width":364,"height":149,"caption":"Miragliaolive"},"image":{"@id":"https:\/\/miragliaolive.com\/fr\/#\/schema\/logo\/image\/"},"mainEntityOfPage":{"@id":"https:\/\/miragliaolive.com\/fr\/produits\/olives-vertes-nocellara-del-belice\/"}}]}},"_links":{"self":[{"href":"https:\/\/miragliaolive.com\/fr\/wp-json\/wp\/v2\/product\/5643","targetHints":{"allow":["GET"]}}],"collection":[{"href":"https:\/\/miragliaolive.com\/fr\/wp-json\/wp\/v2\/product"}],"about":[{"href":"https:\/\/miragliaolive.com\/fr\/wp-json\/wp\/v2\/types\/product"}],"wp:featuredmedia":[{"embeddable":true,"href":"https:\/\/miragliaolive.com\/fr\/wp-json\/wp\/v2\/media\/3793"}],"wp:attachment":[{"href":"https:\/\/miragliaolive.com\/fr\/wp-json\/wp\/v2\/media?parent=5643"}],"wp:term":[{"taxonomy":"product_brand","embeddable":true,"href":"https:\/\/miragliaolive.com\/fr\/wp-json\/wp\/v2\/product_brand?post=5643"},{"taxonomy":"product_cat","embeddable":true,"href":"https:\/\/miragliaolive.com\/fr\/wp-json\/wp\/v2\/product_cat?post=5643"},{"taxonomy":"product_tag","embeddable":true,"href":"https:\/\/miragliaolive.com\/fr\/wp-json\/wp\/v2\/product_tag?post=5643"}],"curies":[{"name":"wp","href":"https:\/\/api.w.org\/{rel}","templated":true}]}}